{"id":31,"date":"2017-02-17T23:37:15","date_gmt":"2017-02-17T23:37:15","guid":{"rendered":"http:\/\/miguelguerin.com.ar\/?page_id=31"},"modified":"2017-02-20T01:07:58","modified_gmt":"2017-02-20T01:07:58","slug":"arte-index","status":"publish","type":"page","link":"http:\/\/miguelguerin.com.ar\/?page_id=31","title":{"rendered":"Arte &#8211; Index"},"content":{"rendered":"<p align=\"center\"><span style=\"font-weight: 700\"><br \/>\n\t\t<font face=\"Tahoma\" style=\"font-size: 17pt; text-decoration: underline\" color=\"#791AD9\"><br \/>\n\t\tArte<\/font><\/span><\/p>\n<div align=\"center\">\n<table border=\"0\" width=\"629\" cellspacing=\"7\">\n<tr>\n<td>\n<p class=\"MsoNormal\" style=\"margin-top:6.0pt;text-align:justify;text-indent:35.45pt\">\n\t\t\t\t\t<font face=\"Trebuchet MS\" style=\"font-size: 10pt\"><br \/>\n\t\t\t\t\t<span lang=\"ES\">En este apartado se muestran algunas de las<br \/>\n\t\t\t\t\t\u00faltimas <i>series pl\u00e1sticas<\/i>, expresi\u00f3n que alude a<br \/>\n\t\t\t\t\tsistemas de im\u00e1genes realizados como indagaciones<br \/>\n\t\t\t\t\tespec\u00edficas.<\/span><\/font><\/p>\n<p class=\"MsoNormal\" style=\"margin-top:6.0pt;text-align:justify;text-indent:35.45pt\">\n\t\t\t\t\t<font face=\"Trebuchet MS\" style=\"font-size: 10pt\"><br \/>\n\t\t\t\t\t<span lang=\"ES\">Para saber es necesario limitar, que es<br \/>\n\t\t\t\t\tdeslindar: las <i>series<\/i> no son obras pl\u00e1sticas aisladas<br \/>\n\t\t\t\t\tni ensamblados ni pinturas diacr\u00f3nicas. Son im\u00e1genes<br \/>\n\t\t\t\t\tsurgidas de un montaje cuya concepci\u00f3n e indagaci\u00f3n, de<br \/>\n\t\t\t\t\tintenci\u00f3n absolutamente reflexiva, es anterior al proceso de<br \/>\n\t\t\t\t\tcreaci\u00f3n pl\u00e1stica, lo preside permanentemente, y no termina<br \/>\n\t\t\t\t\tcon la producci\u00f3n pl\u00e1stica lograda hasta un determinado<br \/>\n\t\t\t\t\tmomento. La serie est\u00e1 abierta y una de las posibilidades de<br \/>\n\t\t\t\t\tesa apertura es, precisamente, su muerte, su no<br \/>\n\t\t\t\t\tcontinuaci\u00f3n, lo que no implica la muerte del montaje, que<br \/>\n\t\t\t\t\tpuede, o debe, continuar como un proceso de reflexi\u00f3n,<br \/>\n\t\t\t\t\tindividual o colectivo, significado en otros significantes:<br \/>\n\t\t\t\t\tla poes\u00eda, el ensayo, la clase, la pol\u00edtica, la acci\u00f3n<br \/>\n\t\t\t\t\turbana, la charla, el dif\u00edcil ocio.<\/span><\/font><\/p>\n<p class=\"MsoNormal\" style=\"margin-top:6.0pt;text-align:justify;text-indent:35.45pt\">\n\t\t\t\t\t<font face=\"Trebuchet MS\" style=\"font-size: 10pt\"><br \/>\n\t\t\t\t\t<span lang=\"ES\">Las <i>series pl\u00e1sticas<\/i> adeudan el<br \/>\n\t\t\t\t\tconcepto de montaje a Dziga Vertov (1896-1954) y a su grupo<br \/>\n\t\t\t\t\t<i>Kinoks<\/i> (Cine-ojo). La realizaci\u00f3n de estas series,<br \/>\n\t\t\t\t\tcomo la de toda mi producci\u00f3n pl\u00e1stica, recurre al<br \/>\n\t\t\t\t\tautomatismo, cuyo conocimiento e indagaci\u00f3n me depar\u00f3 Juan<br \/>\n\t\t\t\t\tBatlle Planas (1911-1966), desde mis dieciocho a\u00f1os de edad.<br \/>\n\t\t\t\t\tLa audacia de asumir la creaci\u00f3n pl\u00e1stica como una<br \/>\n\t\t\t\t\tposibilidad (un derecho) inalienable de todo hombre,<br \/>\n\t\t\t\t\tindependiente de los valores hegem\u00f3nicos establecidos por la<br \/>\n\t\t\t\t\tindustria cultural, me la transmiti\u00f3 aquel profesor Luque,<br \/>\n\t\t\t\t\tdel Colegio Nacional de Buenos Aires, de cuya existencia a<br \/>\n\t\t\t\t\tveces dudo.<\/span><\/font><\/td>\n<\/tr>\n<\/table>\n<div align=\"center\">\n<table style=\"border-collapse: collapse;\" border=\"0\" cellpadding=\"0\" width=\"77%\" height=\"126\">\n<tbody>\n<tr>\n<td align=\"center\">\n\t\t\t\t\t\t<font color=\"#000000\"><br \/>\n\t\t\t\t\t\t<a href=\"\/arte\/soportetradicional.php\"><br \/>\n\t\t\t\t\t\t<img loading=\"lazy\" decoding=\"async\" src=\"..\/images\/bluedownarrow1w.gif\" border=\"0\" width=\"45\" height=\"46\"><\/a><\/font><b><font style=\"font-size: 20pt;\" color=\"#000000\" face=\"Tahoma\"><\/p>\n<p>\t\t\t\t\t\t<a href=\"\/arte\/soportetradicional.php\"><font color=\"#000000\">Soporte Tradicional<\/font><\/a><\/font><\/b><\/td>\n<td align=\"center\">\n\t\t\t\t\t\t<font color=\"#000000\"><br \/>\n\t\t\t\t\t\t<a href=\"\/arte\/soportevirtual.php\"><br \/>\n\t\t\t\t\t\t<img loading=\"lazy\" decoding=\"async\" src=\"..\/images\/bluedownarrow1w.gif\" border=\"0\" width=\"45\" height=\"46\"><\/a><\/font><b><font style=\"font-size: 20pt;\" color=\"#000000\" face=\"Tahoma\"><\/p>\n<p>\t\t\t\t\t\t<a href=\"\/arte\/soportevirtual.php\"><font color=\"#000000\">Soporte Virtual<\/font><\/a><\/font><\/b><\/td>\n<\/tr>\n<\/tbody>\n<\/table><\/div>\n<\/p><\/div>\n","protected":false},"excerpt":{"rendered":"<p>Arte En este apartado se muestran algunas de las \u00faltimas series pl\u00e1sticas, expresi\u00f3n que alude a sistemas de im\u00e1genes realizados como indagaciones espec\u00edficas. Para saber es necesario limitar, que es deslindar: las series no son obras pl\u00e1sticas aisladas ni ensamblados ni pinturas diacr\u00f3nicas. Son im\u00e1genes surgidas de un montaje cuya concepci\u00f3n e indagaci\u00f3n, de intenci\u00f3n [&hellip;]<\/p>\n","protected":false},"author":1,"featured_media":0,"parent":0,"menu_order":0,"comment_status":"closed","ping_status":"closed","template":"","meta":{"footnotes":""},"class_list":["post-31","page","type-page","status-publish","hentry"],"_links":{"self":[{"href":"http:\/\/miguelguerin.com.ar\/index.php?rest_route=\/wp\/v2\/pages\/31","targetHints":{"allow":["GET"]}}],"collection":[{"href":"http:\/\/miguelguerin.com.ar\/index.php?rest_route=\/wp\/v2\/pages"}],"about":[{"href":"http:\/\/miguelguerin.com.ar\/index.php?rest_route=\/wp\/v2\/types\/page"}],"author":[{"embeddable":true,"href":"http:\/\/miguelguerin.com.ar\/index.php?rest_route=\/wp\/v2\/users\/1"}],"replies":[{"embeddable":true,"href":"http:\/\/miguelguerin.com.ar\/index.php?rest_route=%2Fwp%2Fv2%2Fcomments&post=31"}],"version-history":[{"count":5,"href":"http:\/\/miguelguerin.com.ar\/index.php?rest_route=\/wp\/v2\/pages\/31\/revisions"}],"predecessor-version":[{"id":83,"href":"http:\/\/miguelguerin.com.ar\/index.php?rest_route=\/wp\/v2\/pages\/31\/revisions\/83"}],"wp:attachment":[{"href":"http:\/\/miguelguerin.com.ar\/index.php?rest_route=%2Fwp%2Fv2%2Fmedia&parent=31"}],"curies":[{"name":"wp","href":"https:\/\/api.w.org\/{rel}","templated":true}]}}