{"id":94,"date":"2017-04-07T11:54:36","date_gmt":"2017-04-07T11:54:36","guid":{"rendered":"http:\/\/miguelguerin.com.ar\/?page_id=94"},"modified":"2017-04-08T11:43:36","modified_gmt":"2017-04-08T11:43:36","slug":"textos-para-la-docencia-universitaria-ciudad-de-buenos-aires","status":"publish","type":"page","link":"http:\/\/miguelguerin.com.ar\/?page_id=94","title":{"rendered":"Textos para la docencia universitaria- Ciudad de Buenos Aires"},"content":{"rendered":"<h1 style=\"text-align: center;\"><strong>Ciudad de Buenos Aires<\/strong><\/h1>\n<table style=\"height: 93px;\" width=\"844\">\n<tbody>\n<tr>\n<td>Guer\u00edn, Miguel Alberto. 2017. <em>Los or\u00edgenes del inter\u00e9s por el espacio p\u00fablico de Buenos Aires. Gobernadores y virreyes frente al poder capitular (1692-1808) \u00a0 \u00a0 \u00a0 \u00a0 \u00a0 \u00a0 \u00a0 \u00a0 \u00a0 \u00a0 \u00a0 \u00a0 \u00a0 \u00a0 \u00a0 \u00a0 \u00a0 \u00a0 \u00a0 \u00a0 \u00a0 \u00a0 \u00a0 \u00a0 \u00a0 \u00a0 \u00a0 \u00a0 \u00a0 \u00a0 \u00a0 \u00a0 \u00a0 \u00a0 \u00a0 \u00a0 \u00a0 \u00a0 \u00a0 \u00a0 \u00a0 \u00a0 \u00a0 \u00a0 \u00a0 \u00a0 \u00a0 \u00a0 \u00a0 \u00a0 \u00a0 \u00a0 \u00a0 \u00a0 \u00a0 \u00a0 \u00a0 \u00a0 \u00a0 \u00a0 \u00a0 \u00a0 \u00a0 \u00a0 \u00a0 \u00a0\u00a0 \u00a0 \u00a0 \u00a0 \u00a0 \u00a0 \u00a0 \u00a0 \u00a0 \u00a0 \u00a0 \u00a0 \u00a0 \u00a0 \u00a0 \u00a0 \u00a0 \u00a0 \u00a0 \u00a0 \u00a0 \u00a0 \u00a0 \u00a0 \u00a0 \u00a0 \u00a0 \u00a0 \u00a0 \u00a0 \u00a0 \u00a0 \u00a0 \u00a0 \u00a0 \u00a0 \u00a0 \u00a0 \u00a0 \u00a0 \u00a0 \u00a0 \u00a0 \u00a0 \u00a0 \u00a0 \u00a0 \u00a0 \u00a0 \u00a0 \u00a0 \u00a0 \u00a0 \u00a0 \u00a0 \u00a0 \u00a0 \u00a0 \u00a0 \u00a0 \u00a0 \u00a0 \u00a0 \u00a0 \u00a0 \u00a0 \u00a0 \u00a0 \u00a0 \u00a0 \u00a0 \u00a0 \u00a0 \u00a0 \u00a0 \u00a0 \u00a0 \u00a0 \u00a0 \u00a0 \u00a0 \u00a0<a href=\"http:\/\/miguelguerin.com.ar\/wp-content\/uploads\/2017\/04\/Los-or\u00edgenes-del-inter\u00e9s-por-el-espacio-p\u00fablico.pdf\">Descargar<\/a><\/em><\/td>\n<\/tr>\n<\/tbody>\n<\/table>\n<p><em>\u00a0 \u00a0 \u00a0 \u00a0 \u00a0 \u00a0 \u00a0 \u00a0 \u00a0 \u00a0 \u00a0 \u00a0 \u00a0 \u00a0 \u00a0 \u00a0 \u00a0\u00a0<\/em><\/p>\n","protected":false},"excerpt":{"rendered":"<p>Ciudad de Buenos Aires Guer\u00edn, Miguel Alberto. 2017. Los or\u00edgenes del inter\u00e9s por el espacio p\u00fablico de Buenos Aires. Gobernadores y virreyes frente al poder capitular (1692-1808) \u00a0 \u00a0 \u00a0 \u00a0 \u00a0 \u00a0 \u00a0 \u00a0 \u00a0 \u00a0 \u00a0 \u00a0 \u00a0 \u00a0 \u00a0 \u00a0 \u00a0 \u00a0 \u00a0 \u00a0 \u00a0 \u00a0 \u00a0 \u00a0 \u00a0 \u00a0 \u00a0 \u00a0 [&hellip;]<\/p>\n","protected":false},"author":1,"featured_media":0,"parent":0,"menu_order":0,"comment_status":"closed","ping_status":"closed","template":"","meta":{"footnotes":""},"class_list":["post-94","page","type-page","status-publish","hentry"],"_links":{"self":[{"href":"http:\/\/miguelguerin.com.ar\/index.php?rest_route=\/wp\/v2\/pages\/94","targetHints":{"allow":["GET"]}}],"collection":[{"href":"http:\/\/miguelguerin.com.ar\/index.php?rest_route=\/wp\/v2\/pages"}],"about":[{"href":"http:\/\/miguelguerin.com.ar\/index.php?rest_route=\/wp\/v2\/types\/page"}],"author":[{"embeddable":true,"href":"http:\/\/miguelguerin.com.ar\/index.php?rest_route=\/wp\/v2\/users\/1"}],"replies":[{"embeddable":true,"href":"http:\/\/miguelguerin.com.ar\/index.php?rest_route=%2Fwp%2Fv2%2Fcomments&post=94"}],"version-history":[{"count":5,"href":"http:\/\/miguelguerin.com.ar\/index.php?rest_route=\/wp\/v2\/pages\/94\/revisions"}],"predecessor-version":[{"id":106,"href":"http:\/\/miguelguerin.com.ar\/index.php?rest_route=\/wp\/v2\/pages\/94\/revisions\/106"}],"wp:attachment":[{"href":"http:\/\/miguelguerin.com.ar\/index.php?rest_route=%2Fwp%2Fv2%2Fmedia&parent=94"}],"curies":[{"name":"wp","href":"https:\/\/api.w.org\/{rel}","templated":true}]}}